{"id":346,"date":"2021-11-19T07:05:49","date_gmt":"2021-11-19T06:05:49","guid":{"rendered":"https:\/\/www.astrofotografie-wiget.ch\/?page_id=346"},"modified":"2022-11-24T17:10:01","modified_gmt":"2022-11-24T16:10:01","slug":"ic-434-pferdekopfnebel","status":"publish","type":"page","link":"https:\/\/www.astrofotografie-wiget.ch\/index.php\/fotogallerie\/ic-katalog\/ic-434-pferdekopfnebel\/","title":{"rendered":"IC 434 &#8211; Pferdekopfnebel"},"content":{"rendered":"<p>Der IC 434 ist ein Emissionsnebel im Sternbild Orion. Zwischen diesem Emissionsnebel und der Erde befindet sich eine Dunkelwolke, welche die Form eines Pferdekopfnebels hat. Diesen nennt man daher Pferdekopfnebel. Es ist wohl eines der bekanntesten Deep-Sky Objekte die es gibt.<\/p>\n<p>Entdeckt wurde er von Williamina Fleming auf einem Foto im Jahr 1887.<\/p>\n<p>Weil seiner geringen Helligkeit ist er jedoch nur mittels fotografischer Langzeitbelichtung oder mit mittelgrossen Teleskopen sichtbar.<\/p>\n<div class=\"tiled-gallery type-rectangular tiled-gallery-unresized\" data-original-width=\"750\" data-carousel-extra='null' itemscope itemtype=\"http:\/\/schema.org\/ImageGallery\" > <div class=\"gallery-row\" style=\"width: 750px; height: 339px;\" data-original-width=\"750\" data-original-height=\"339\" > <div class=\"gallery-group images-1\" style=\"width: 517px; height: 339px;\" data-original-width=\"517\" data-original-height=\"339\" > <div class=\"tiled-gallery-item tiled-gallery-item-large\" itemprop=\"associatedMedia\" itemscope itemtype=\"http:\/\/schema.org\/ImageObject\"> <a href=\"https:\/\/www.astrofotografie-wiget.ch\/index.php\/fotogallerie\/ic-katalog\/ic-434-pferdekopfnebel\/2022-01-12-ic-434-45-x-300s-small\/\" border=\"0\" itemprop=\"url\"> <meta itemprop=\"width\" content=\"513\"> <meta itemprop=\"height\" content=\"335\"> <img decoding=\"async\" class=\"\" data-attachment-id=\"675\" data-orig-file=\"https:\/\/www.astrofotografie-wiget.ch\/wp-content\/uploads\/2022\/01\/2022.01.12-IC-434-45-x-300s-small.png\" data-orig-size=\"2000,1303\" data-comments-opened=\"1\" data-image-meta=\"{&quot;aperture&quot;:&quot;0&quot;,&quot;credit&quot;:&quot;&quot;,&quot;camera&quot;:&quot;&quot;,&quot;caption&quot;:&quot;&quot;,&quot;created_timestamp&quot;:&quot;0&quot;,&quot;copyright&quot;:&quot;&quot;,&quot;focal_length&quot;:&quot;0&quot;,&quot;iso&quot;:&quot;0&quot;,&quot;shutter_speed&quot;:&quot;0&quot;,&quot;title&quot;:&quot;&quot;,&quot;orientation&quot;:&quot;0&quot;}\" data-image-title=\"2022.01.12 IC 434 45 x 300s small\" data-image-description=\"\" data-medium-file=\"https:\/\/i0.wp.com\/www.astrofotografie-wiget.ch\/wp-content\/uploads\/2022\/01\/2022.01.12-IC-434-45-x-300s-small.png?fit=300%2C195&#038;ssl=1\" data-large-file=\"https:\/\/i0.wp.com\/www.astrofotografie-wiget.ch\/wp-content\/uploads\/2022\/01\/2022.01.12-IC-434-45-x-300s-small.png?fit=750%2C489&#038;ssl=1\" src=\"https:\/\/i0.wp.com\/www.astrofotografie-wiget.ch\/wp-content\/uploads\/2022\/01\/2022.01.12-IC-434-45-x-300s-small.png?w=513&#038;h=335&#038;ssl=1\" srcset=\"https:\/\/i0.wp.com\/www.astrofotografie-wiget.ch\/wp-content\/uploads\/2022\/01\/2022.01.12-IC-434-45-x-300s-small.png?w=2000&amp;ssl=1 2000w, https:\/\/i0.wp.com\/www.astrofotografie-wiget.ch\/wp-content\/uploads\/2022\/01\/2022.01.12-IC-434-45-x-300s-small.png?resize=300%2C195&amp;ssl=1 300w, https:\/\/i0.wp.com\/www.astrofotografie-wiget.ch\/wp-content\/uploads\/2022\/01\/2022.01.12-IC-434-45-x-300s-small.png?resize=1024%2C667&amp;ssl=1 1024w, https:\/\/i0.wp.com\/www.astrofotografie-wiget.ch\/wp-content\/uploads\/2022\/01\/2022.01.12-IC-434-45-x-300s-small.png?resize=768%2C500&amp;ssl=1 768w, https:\/\/i0.wp.com\/www.astrofotografie-wiget.ch\/wp-content\/uploads\/2022\/01\/2022.01.12-IC-434-45-x-300s-small.png?resize=1536%2C1001&amp;ssl=1 1536w, https:\/\/i0.wp.com\/www.astrofotografie-wiget.ch\/wp-content\/uploads\/2022\/01\/2022.01.12-IC-434-45-x-300s-small.png?resize=1568%2C1022&amp;ssl=1 1568w\" width=\"513\" height=\"335\" loading=\"lazy\" data-original-width=\"513\" data-original-height=\"335\" itemprop=\"http:\/\/schema.org\/image\" title=\"2022.01.12 IC 434 45 x 300s small\" alt=\"12.1.2022: IC 434. 45 Aufnahmen \u00e0 5 Min. mit dem IDAS NBZ Dual-Schmalbandfilter.\" style=\"width: 513px; height: 335px;\" \/> <\/a> <div class=\"tiled-gallery-caption\" itemprop=\"caption description\"> 12.1.2022: IC 434. 45 Aufnahmen \u00e0 5 Min. mit dem IDAS NBZ Dual-Schmalbandfilter. <\/div> <\/div> <\/div> <!-- close group --> <div class=\"gallery-group images-2\" style=\"width: 233px; height: 339px;\" data-original-width=\"233\" data-original-height=\"339\" > <div class=\"tiled-gallery-item tiled-gallery-item-small\" itemprop=\"associatedMedia\" itemscope itemtype=\"http:\/\/schema.org\/ImageObject\"> <a href=\"https:\/\/www.astrofotografie-wiget.ch\/index.php\/fotogallerie\/ic-katalog\/ic-434-pferdekopfnebel\/2021-03-01-ic-434-dbe-vor-bn-small-2\/\" border=\"0\" itemprop=\"url\"> <meta itemprop=\"width\" content=\"229\"> <meta itemprop=\"height\" content=\"166\"> <img decoding=\"async\" class=\"\" data-attachment-id=\"538\" data-orig-file=\"https:\/\/www.astrofotografie-wiget.ch\/wp-content\/uploads\/2021\/11\/2021.03.01-IC-434-DBE-vor-BN-small.png\" data-orig-size=\"2000,1451\" data-comments-opened=\"1\" data-image-meta=\"{&quot;aperture&quot;:&quot;0&quot;,&quot;credit&quot;:&quot;&quot;,&quot;camera&quot;:&quot;&quot;,&quot;caption&quot;:&quot;&quot;,&quot;created_timestamp&quot;:&quot;0&quot;,&quot;copyright&quot;:&quot;&quot;,&quot;focal_length&quot;:&quot;0&quot;,&quot;iso&quot;:&quot;0&quot;,&quot;shutter_speed&quot;:&quot;0&quot;,&quot;title&quot;:&quot;&quot;,&quot;orientation&quot;:&quot;0&quot;}\" data-image-title=\"2021.03.01 IC 434 DBE vor BN small\" data-image-description=\"\" data-medium-file=\"https:\/\/i0.wp.com\/www.astrofotografie-wiget.ch\/wp-content\/uploads\/2021\/11\/2021.03.01-IC-434-DBE-vor-BN-small.png?fit=300%2C218&#038;ssl=1\" data-large-file=\"https:\/\/i0.wp.com\/www.astrofotografie-wiget.ch\/wp-content\/uploads\/2021\/11\/2021.03.01-IC-434-DBE-vor-BN-small.png?fit=750%2C544&#038;ssl=1\" src=\"https:\/\/i0.wp.com\/www.astrofotografie-wiget.ch\/wp-content\/uploads\/2021\/11\/2021.03.01-IC-434-DBE-vor-BN-small.png?w=229&#038;h=166&#038;ssl=1\" srcset=\"https:\/\/i0.wp.com\/www.astrofotografie-wiget.ch\/wp-content\/uploads\/2021\/11\/2021.03.01-IC-434-DBE-vor-BN-small.png?w=2000&amp;ssl=1 2000w, https:\/\/i0.wp.com\/www.astrofotografie-wiget.ch\/wp-content\/uploads\/2021\/11\/2021.03.01-IC-434-DBE-vor-BN-small.png?resize=300%2C218&amp;ssl=1 300w, https:\/\/i0.wp.com\/www.astrofotografie-wiget.ch\/wp-content\/uploads\/2021\/11\/2021.03.01-IC-434-DBE-vor-BN-small.png?resize=1024%2C743&amp;ssl=1 1024w, https:\/\/i0.wp.com\/www.astrofotografie-wiget.ch\/wp-content\/uploads\/2021\/11\/2021.03.01-IC-434-DBE-vor-BN-small.png?resize=768%2C557&amp;ssl=1 768w, https:\/\/i0.wp.com\/www.astrofotografie-wiget.ch\/wp-content\/uploads\/2021\/11\/2021.03.01-IC-434-DBE-vor-BN-small.png?resize=1536%2C1114&amp;ssl=1 1536w, https:\/\/i0.wp.com\/www.astrofotografie-wiget.ch\/wp-content\/uploads\/2021\/11\/2021.03.01-IC-434-DBE-vor-BN-small.png?resize=1568%2C1138&amp;ssl=1 1568w\" width=\"229\" height=\"166\" loading=\"lazy\" data-original-width=\"229\" data-original-height=\"166\" itemprop=\"http:\/\/schema.org\/image\" title=\"2021.03.01 IC 434 DBE vor BN small\" alt=\"1. M\u00e4rz 2021: IC 434.\" style=\"width: 229px; height: 166px;\" \/> <\/a> <div class=\"tiled-gallery-caption\" itemprop=\"caption description\"> 1. M\u00e4rz 2021: IC 434. <\/div> <\/div> <div class=\"tiled-gallery-item tiled-gallery-item-small\" itemprop=\"associatedMedia\" itemscope itemtype=\"http:\/\/schema.org\/ImageObject\"> <a href=\"https:\/\/www.astrofotografie-wiget.ch\/index.php\/fotogallerie\/ic-katalog\/ic-434-pferdekopfnebel\/2021-02-17-pferdekopfnebel\/\" border=\"0\" itemprop=\"url\"> <meta itemprop=\"width\" content=\"229\"> <meta itemprop=\"height\" content=\"165\"> <img decoding=\"async\" class=\"\" data-attachment-id=\"536\" data-orig-file=\"https:\/\/www.astrofotografie-wiget.ch\/wp-content\/uploads\/2021\/11\/2021.02.17-Pferdekopfnebel.png\" data-orig-size=\"2000,1442\" data-comments-opened=\"1\" data-image-meta=\"{&quot;aperture&quot;:&quot;0&quot;,&quot;credit&quot;:&quot;&quot;,&quot;camera&quot;:&quot;&quot;,&quot;caption&quot;:&quot;&quot;,&quot;created_timestamp&quot;:&quot;0&quot;,&quot;copyright&quot;:&quot;&quot;,&quot;focal_length&quot;:&quot;0&quot;,&quot;iso&quot;:&quot;0&quot;,&quot;shutter_speed&quot;:&quot;0&quot;,&quot;title&quot;:&quot;&quot;,&quot;orientation&quot;:&quot;0&quot;}\" data-image-title=\"2021.02.17 Pferdekopfnebel\" data-image-description=\"\" data-medium-file=\"https:\/\/i0.wp.com\/www.astrofotografie-wiget.ch\/wp-content\/uploads\/2021\/11\/2021.02.17-Pferdekopfnebel.png?fit=300%2C216&#038;ssl=1\" data-large-file=\"https:\/\/i0.wp.com\/www.astrofotografie-wiget.ch\/wp-content\/uploads\/2021\/11\/2021.02.17-Pferdekopfnebel.png?fit=750%2C541&#038;ssl=1\" src=\"https:\/\/i0.wp.com\/www.astrofotografie-wiget.ch\/wp-content\/uploads\/2021\/11\/2021.02.17-Pferdekopfnebel.png?w=229&#038;h=165&#038;ssl=1\" srcset=\"https:\/\/i0.wp.com\/www.astrofotografie-wiget.ch\/wp-content\/uploads\/2021\/11\/2021.02.17-Pferdekopfnebel.png?w=2000&amp;ssl=1 2000w, https:\/\/i0.wp.com\/www.astrofotografie-wiget.ch\/wp-content\/uploads\/2021\/11\/2021.02.17-Pferdekopfnebel.png?resize=300%2C216&amp;ssl=1 300w, https:\/\/i0.wp.com\/www.astrofotografie-wiget.ch\/wp-content\/uploads\/2021\/11\/2021.02.17-Pferdekopfnebel.png?resize=1024%2C738&amp;ssl=1 1024w, https:\/\/i0.wp.com\/www.astrofotografie-wiget.ch\/wp-content\/uploads\/2021\/11\/2021.02.17-Pferdekopfnebel.png?resize=768%2C554&amp;ssl=1 768w, https:\/\/i0.wp.com\/www.astrofotografie-wiget.ch\/wp-content\/uploads\/2021\/11\/2021.02.17-Pferdekopfnebel.png?resize=1536%2C1107&amp;ssl=1 1536w, https:\/\/i0.wp.com\/www.astrofotografie-wiget.ch\/wp-content\/uploads\/2021\/11\/2021.02.17-Pferdekopfnebel.png?resize=1568%2C1131&amp;ssl=1 1568w\" width=\"229\" height=\"165\" loading=\"lazy\" data-original-width=\"229\" data-original-height=\"165\" itemprop=\"http:\/\/schema.org\/image\" title=\"2021.02.17 Pferdekopfnebel\" alt=\"17. Februar 2021: IC 434. Celestron 1100 EdgeHD \/ Hyperstar V4.0 \/ ZWO ASI 6200 MC Pro.\" style=\"width: 229px; height: 165px;\" \/> <\/a> <div class=\"tiled-gallery-caption\" itemprop=\"caption description\"> 17. Februar 2021: IC 434. Celestron 1100 EdgeHD \/ Hyperstar V4.0 \/ ZWO ASI 6200 MC Pro. <\/div> <\/div> <\/div> <!-- close group --> <\/div> <!-- close row --> <div class=\"gallery-row\" style=\"width: 750px; height: 387px;\" data-original-width=\"750\" data-original-height=\"387\" > <div class=\"gallery-group images-2\" style=\"width: 252px; height: 387px;\" data-original-width=\"252\" data-original-height=\"387\" > <div class=\"tiled-gallery-item tiled-gallery-item-small\" itemprop=\"associatedMedia\" itemscope itemtype=\"http:\/\/schema.org\/ImageObject\"> <a href=\"https:\/\/www.astrofotografie-wiget.ch\/index.php\/fotogallerie\/ic-katalog\/ic-434-pferdekopfnebel\/2020-12-26-horsehead-nebula-small-2\/\" border=\"0\" itemprop=\"url\"> <meta itemprop=\"width\" content=\"248\"> <meta itemprop=\"height\" content=\"187\"> <img decoding=\"async\" class=\"\" data-attachment-id=\"529\" data-orig-file=\"https:\/\/www.astrofotografie-wiget.ch\/wp-content\/uploads\/2021\/11\/2020.12.26-Horsehead-nebula-small.png\" data-orig-size=\"2000,1510\" data-comments-opened=\"1\" data-image-meta=\"{&quot;aperture&quot;:&quot;0&quot;,&quot;credit&quot;:&quot;&quot;,&quot;camera&quot;:&quot;&quot;,&quot;caption&quot;:&quot;&quot;,&quot;created_timestamp&quot;:&quot;0&quot;,&quot;copyright&quot;:&quot;&quot;,&quot;focal_length&quot;:&quot;0&quot;,&quot;iso&quot;:&quot;0&quot;,&quot;shutter_speed&quot;:&quot;0&quot;,&quot;title&quot;:&quot;&quot;,&quot;orientation&quot;:&quot;0&quot;}\" data-image-title=\"2020.12.26 Horsehead nebula small\" data-image-description=\"\" data-medium-file=\"https:\/\/i0.wp.com\/www.astrofotografie-wiget.ch\/wp-content\/uploads\/2021\/11\/2020.12.26-Horsehead-nebula-small.png?fit=300%2C227&#038;ssl=1\" data-large-file=\"https:\/\/i0.wp.com\/www.astrofotografie-wiget.ch\/wp-content\/uploads\/2021\/11\/2020.12.26-Horsehead-nebula-small.png?fit=750%2C566&#038;ssl=1\" src=\"https:\/\/i0.wp.com\/www.astrofotografie-wiget.ch\/wp-content\/uploads\/2021\/11\/2020.12.26-Horsehead-nebula-small.png?w=248&#038;h=187&#038;ssl=1\" srcset=\"https:\/\/i0.wp.com\/www.astrofotografie-wiget.ch\/wp-content\/uploads\/2021\/11\/2020.12.26-Horsehead-nebula-small.png?w=2000&amp;ssl=1 2000w, https:\/\/i0.wp.com\/www.astrofotografie-wiget.ch\/wp-content\/uploads\/2021\/11\/2020.12.26-Horsehead-nebula-small.png?resize=300%2C227&amp;ssl=1 300w, https:\/\/i0.wp.com\/www.astrofotografie-wiget.ch\/wp-content\/uploads\/2021\/11\/2020.12.26-Horsehead-nebula-small.png?resize=1024%2C773&amp;ssl=1 1024w, https:\/\/i0.wp.com\/www.astrofotografie-wiget.ch\/wp-content\/uploads\/2021\/11\/2020.12.26-Horsehead-nebula-small.png?resize=768%2C580&amp;ssl=1 768w, https:\/\/i0.wp.com\/www.astrofotografie-wiget.ch\/wp-content\/uploads\/2021\/11\/2020.12.26-Horsehead-nebula-small.png?resize=1536%2C1160&amp;ssl=1 1536w, https:\/\/i0.wp.com\/www.astrofotografie-wiget.ch\/wp-content\/uploads\/2021\/11\/2020.12.26-Horsehead-nebula-small.png?resize=1568%2C1184&amp;ssl=1 1568w\" width=\"248\" height=\"187\" loading=\"lazy\" data-original-width=\"248\" data-original-height=\"187\" itemprop=\"http:\/\/schema.org\/image\" title=\"2020.12.26 Horsehead nebula small\" alt=\"26. Dezember 2020: IC 434, Celestron 1100 EdgeHD Hyperstar V4.0 \/ Atik Horizon. 49 Bilder \u00e0 30, ohne Flats, Darks, Bias.\" style=\"width: 248px; height: 187px;\" \/> <\/a> <div class=\"tiled-gallery-caption\" itemprop=\"caption description\"> 26. Dezember 2020: IC 434, Celestron 1100 EdgeHD Hyperstar V4.0 \/ Atik Horizon. 49 Bilder \u00e0 30, ohne Flats, Darks, Bias. <\/div> <\/div> <div class=\"tiled-gallery-item tiled-gallery-item-small\" itemprop=\"associatedMedia\" itemscope itemtype=\"http:\/\/schema.org\/ImageObject\"> <a href=\"https:\/\/www.astrofotografie-wiget.ch\/index.php\/fotogallerie\/ic-katalog\/ic-434-pferdekopfnebel\/2020-02-24-ic-434-lr\/\" border=\"0\" itemprop=\"url\"> <meta itemprop=\"width\" content=\"248\"> <meta itemprop=\"height\" content=\"192\"> <img decoding=\"async\" class=\"\" data-attachment-id=\"415\" data-orig-file=\"https:\/\/www.astrofotografie-wiget.ch\/wp-content\/uploads\/2021\/11\/2020.02.24-IC-434-LR.jpg\" data-orig-size=\"2048,1586\" data-comments-opened=\"1\" data-image-meta=\"{&quot;aperture&quot;:&quot;0&quot;,&quot;credit&quot;:&quot;&quot;,&quot;camera&quot;:&quot;&quot;,&quot;caption&quot;:&quot;&quot;,&quot;created_timestamp&quot;:&quot;0&quot;,&quot;copyright&quot;:&quot;&quot;,&quot;focal_length&quot;:&quot;0&quot;,&quot;iso&quot;:&quot;0&quot;,&quot;shutter_speed&quot;:&quot;0&quot;,&quot;title&quot;:&quot;&quot;,&quot;orientation&quot;:&quot;0&quot;}\" data-image-title=\"2020.02.24 IC 434 LR\" data-image-description=\"\" data-medium-file=\"https:\/\/i0.wp.com\/www.astrofotografie-wiget.ch\/wp-content\/uploads\/2021\/11\/2020.02.24-IC-434-LR.jpg?fit=300%2C232&#038;ssl=1\" data-large-file=\"https:\/\/i0.wp.com\/www.astrofotografie-wiget.ch\/wp-content\/uploads\/2021\/11\/2020.02.24-IC-434-LR.jpg?fit=750%2C581&#038;ssl=1\" src=\"https:\/\/i0.wp.com\/www.astrofotografie-wiget.ch\/wp-content\/uploads\/2021\/11\/2020.02.24-IC-434-LR.jpg?w=248&#038;h=192&#038;ssl=1\" srcset=\"https:\/\/i0.wp.com\/www.astrofotografie-wiget.ch\/wp-content\/uploads\/2021\/11\/2020.02.24-IC-434-LR.jpg?w=2048&amp;ssl=1 2048w, https:\/\/i0.wp.com\/www.astrofotografie-wiget.ch\/wp-content\/uploads\/2021\/11\/2020.02.24-IC-434-LR.jpg?resize=300%2C232&amp;ssl=1 300w, https:\/\/i0.wp.com\/www.astrofotografie-wiget.ch\/wp-content\/uploads\/2021\/11\/2020.02.24-IC-434-LR.jpg?resize=1024%2C793&amp;ssl=1 1024w, https:\/\/i0.wp.com\/www.astrofotografie-wiget.ch\/wp-content\/uploads\/2021\/11\/2020.02.24-IC-434-LR.jpg?resize=768%2C595&amp;ssl=1 768w, https:\/\/i0.wp.com\/www.astrofotografie-wiget.ch\/wp-content\/uploads\/2021\/11\/2020.02.24-IC-434-LR.jpg?resize=1536%2C1190&amp;ssl=1 1536w, https:\/\/i0.wp.com\/www.astrofotografie-wiget.ch\/wp-content\/uploads\/2021\/11\/2020.02.24-IC-434-LR.jpg?resize=1568%2C1214&amp;ssl=1 1568w\" width=\"248\" height=\"192\" loading=\"lazy\" data-original-width=\"248\" data-original-height=\"192\" itemprop=\"http:\/\/schema.org\/image\" title=\"2020.02.24 IC 434 LR\" alt=\"24. Februar 2020: IC 434 mit Lightroom bearbeitet\" style=\"width: 248px; height: 192px;\" \/> <\/a> <div class=\"tiled-gallery-caption\" itemprop=\"caption description\"> 24. Februar 2020: IC 434 mit Lightroom bearbeitet <\/div> <\/div> <\/div> <!-- close group --> <div class=\"gallery-group images-1\" style=\"width: 498px; height: 387px;\" data-original-width=\"498\" data-original-height=\"387\" > <div class=\"tiled-gallery-item tiled-gallery-item-large\" itemprop=\"associatedMedia\" itemscope itemtype=\"http:\/\/schema.org\/ImageObject\"> <a href=\"https:\/\/www.astrofotografie-wiget.ch\/index.php\/fotogallerie\/ic-katalog\/ic-434-pferdekopfnebel\/2020-02-25-ic-434-3\/\" border=\"0\" itemprop=\"url\"> <meta itemprop=\"width\" content=\"494\"> <meta itemprop=\"height\" content=\"383\"> <img decoding=\"async\" class=\"\" data-attachment-id=\"409\" data-orig-file=\"https:\/\/www.astrofotografie-wiget.ch\/wp-content\/uploads\/2021\/11\/2020.02.25-IC-434-3.jpg\" data-orig-size=\"2048,1586\" data-comments-opened=\"1\" data-image-meta=\"{&quot;aperture&quot;:&quot;0&quot;,&quot;credit&quot;:&quot;&quot;,&quot;camera&quot;:&quot;&quot;,&quot;caption&quot;:&quot;&quot;,&quot;created_timestamp&quot;:&quot;0&quot;,&quot;copyright&quot;:&quot;&quot;,&quot;focal_length&quot;:&quot;0&quot;,&quot;iso&quot;:&quot;0&quot;,&quot;shutter_speed&quot;:&quot;0&quot;,&quot;title&quot;:&quot;&quot;,&quot;orientation&quot;:&quot;0&quot;}\" data-image-title=\"2020.02.25 IC 434 &amp;#8211; 3\" data-image-description=\"\" data-medium-file=\"https:\/\/i0.wp.com\/www.astrofotografie-wiget.ch\/wp-content\/uploads\/2021\/11\/2020.02.25-IC-434-3.jpg?fit=300%2C232&#038;ssl=1\" data-large-file=\"https:\/\/i0.wp.com\/www.astrofotografie-wiget.ch\/wp-content\/uploads\/2021\/11\/2020.02.25-IC-434-3.jpg?fit=750%2C581&#038;ssl=1\" src=\"https:\/\/i0.wp.com\/www.astrofotografie-wiget.ch\/wp-content\/uploads\/2021\/11\/2020.02.25-IC-434-3.jpg?w=494&#038;h=383&#038;ssl=1\" srcset=\"https:\/\/i0.wp.com\/www.astrofotografie-wiget.ch\/wp-content\/uploads\/2021\/11\/2020.02.25-IC-434-3.jpg?w=2048&amp;ssl=1 2048w, https:\/\/i0.wp.com\/www.astrofotografie-wiget.ch\/wp-content\/uploads\/2021\/11\/2020.02.25-IC-434-3.jpg?resize=300%2C232&amp;ssl=1 300w, https:\/\/i0.wp.com\/www.astrofotografie-wiget.ch\/wp-content\/uploads\/2021\/11\/2020.02.25-IC-434-3.jpg?resize=1024%2C793&amp;ssl=1 1024w, https:\/\/i0.wp.com\/www.astrofotografie-wiget.ch\/wp-content\/uploads\/2021\/11\/2020.02.25-IC-434-3.jpg?resize=768%2C595&amp;ssl=1 768w, https:\/\/i0.wp.com\/www.astrofotografie-wiget.ch\/wp-content\/uploads\/2021\/11\/2020.02.25-IC-434-3.jpg?resize=1536%2C1190&amp;ssl=1 1536w, https:\/\/i0.wp.com\/www.astrofotografie-wiget.ch\/wp-content\/uploads\/2021\/11\/2020.02.25-IC-434-3.jpg?resize=1568%2C1214&amp;ssl=1 1568w\" width=\"494\" height=\"383\" loading=\"lazy\" data-original-width=\"494\" data-original-height=\"383\" itemprop=\"http:\/\/schema.org\/image\" title=\"2020.02.25 IC 434 - 3\" alt=\"25. Februar 2020: IC 434, 156 Bilder \u00e0 60s low gain.\" style=\"width: 494px; height: 383px;\" \/> <\/a> <div class=\"tiled-gallery-caption\" itemprop=\"caption description\"> 25. Februar 2020: IC 434, 156 Bilder \u00e0 60s low gain. <\/div> <\/div> <\/div> <!-- close group --> <\/div> <!-- close row --> <div class=\"gallery-row\" style=\"width: 750px; height: 141px;\" data-original-width=\"750\" data-original-height=\"141\" > <div class=\"gallery-group images-1\" style=\"width: 185px; height: 141px;\" data-original-width=\"185\" data-original-height=\"141\" > <div class=\"tiled-gallery-item tiled-gallery-item-small\" itemprop=\"associatedMedia\" itemscope itemtype=\"http:\/\/schema.org\/ImageObject\"> <a href=\"https:\/\/www.astrofotografie-wiget.ch\/index.php\/fotogallerie\/ic-katalog\/ic-434-pferdekopfnebel\/2020-02-25-ic-434-2\/\" border=\"0\" itemprop=\"url\"> <meta itemprop=\"width\" content=\"181\"> <meta itemprop=\"height\" content=\"137\"> <img decoding=\"async\" class=\"\" data-attachment-id=\"404\" data-orig-file=\"https:\/\/www.astrofotografie-wiget.ch\/wp-content\/uploads\/2021\/11\/2020.02.25-IC-434-2.jpg\" data-orig-size=\"960,725\" data-comments-opened=\"1\" data-image-meta=\"{&quot;aperture&quot;:&quot;0&quot;,&quot;credit&quot;:&quot;&quot;,&quot;camera&quot;:&quot;&quot;,&quot;caption&quot;:&quot;&quot;,&quot;created_timestamp&quot;:&quot;0&quot;,&quot;copyright&quot;:&quot;&quot;,&quot;focal_length&quot;:&quot;0&quot;,&quot;iso&quot;:&quot;0&quot;,&quot;shutter_speed&quot;:&quot;0&quot;,&quot;title&quot;:&quot;&quot;,&quot;orientation&quot;:&quot;0&quot;}\" data-image-title=\"2020.02.25 IC 434 &amp;#8211; 2\" data-image-description=\"\" data-medium-file=\"https:\/\/i0.wp.com\/www.astrofotografie-wiget.ch\/wp-content\/uploads\/2021\/11\/2020.02.25-IC-434-2.jpg?fit=300%2C227&#038;ssl=1\" data-large-file=\"https:\/\/i0.wp.com\/www.astrofotografie-wiget.ch\/wp-content\/uploads\/2021\/11\/2020.02.25-IC-434-2.jpg?fit=750%2C566&#038;ssl=1\" src=\"https:\/\/i0.wp.com\/www.astrofotografie-wiget.ch\/wp-content\/uploads\/2021\/11\/2020.02.25-IC-434-2.jpg?w=181&#038;h=137&#038;ssl=1\" srcset=\"https:\/\/i0.wp.com\/www.astrofotografie-wiget.ch\/wp-content\/uploads\/2021\/11\/2020.02.25-IC-434-2.jpg?w=960&amp;ssl=1 960w, https:\/\/i0.wp.com\/www.astrofotografie-wiget.ch\/wp-content\/uploads\/2021\/11\/2020.02.25-IC-434-2.jpg?resize=300%2C227&amp;ssl=1 300w, https:\/\/i0.wp.com\/www.astrofotografie-wiget.ch\/wp-content\/uploads\/2021\/11\/2020.02.25-IC-434-2.jpg?resize=768%2C580&amp;ssl=1 768w\" width=\"181\" height=\"137\" loading=\"lazy\" data-original-width=\"181\" data-original-height=\"137\" itemprop=\"http:\/\/schema.org\/image\" title=\"2020.02.25 IC 434 - 2\" alt=\"25. Februar 2020: IC 434 2. Versuch\" style=\"width: 181px; height: 137px;\" \/> <\/a> <div class=\"tiled-gallery-caption\" itemprop=\"caption description\"> 25. Februar 2020: IC 434 2. Versuch <\/div> <\/div> <\/div> <!-- close group --> <div class=\"gallery-group images-1\" style=\"width: 185px; height: 141px;\" data-original-width=\"185\" data-original-height=\"141\" > <div class=\"tiled-gallery-item tiled-gallery-item-small\" itemprop=\"associatedMedia\" itemscope itemtype=\"http:\/\/schema.org\/ImageObject\"> <a href=\"https:\/\/www.astrofotografie-wiget.ch\/index.php\/fotogallerie\/ic-katalog\/ic-434-pferdekopfnebel\/2020-02-25-ic-434\/\" border=\"0\" itemprop=\"url\"> <meta itemprop=\"width\" content=\"181\"> <meta itemprop=\"height\" content=\"137\"> <img decoding=\"async\" class=\"\" data-attachment-id=\"402\" data-orig-file=\"https:\/\/www.astrofotografie-wiget.ch\/wp-content\/uploads\/2021\/11\/2020.02.25-IC-434.jpg\" data-orig-size=\"960,725\" data-comments-opened=\"1\" data-image-meta=\"{&quot;aperture&quot;:&quot;0&quot;,&quot;credit&quot;:&quot;&quot;,&quot;camera&quot;:&quot;&quot;,&quot;caption&quot;:&quot;&quot;,&quot;created_timestamp&quot;:&quot;0&quot;,&quot;copyright&quot;:&quot;&quot;,&quot;focal_length&quot;:&quot;0&quot;,&quot;iso&quot;:&quot;0&quot;,&quot;shutter_speed&quot;:&quot;0&quot;,&quot;title&quot;:&quot;&quot;,&quot;orientation&quot;:&quot;1&quot;}\" data-image-title=\"2020.02.25 IC 434\" data-image-description=\"\" data-medium-file=\"https:\/\/i0.wp.com\/www.astrofotografie-wiget.ch\/wp-content\/uploads\/2021\/11\/2020.02.25-IC-434.jpg?fit=300%2C227&#038;ssl=1\" data-large-file=\"https:\/\/i0.wp.com\/www.astrofotografie-wiget.ch\/wp-content\/uploads\/2021\/11\/2020.02.25-IC-434.jpg?fit=750%2C566&#038;ssl=1\" src=\"https:\/\/i0.wp.com\/www.astrofotografie-wiget.ch\/wp-content\/uploads\/2021\/11\/2020.02.25-IC-434.jpg?w=181&#038;h=137&#038;ssl=1\" srcset=\"https:\/\/i0.wp.com\/www.astrofotografie-wiget.ch\/wp-content\/uploads\/2021\/11\/2020.02.25-IC-434.jpg?w=960&amp;ssl=1 960w, https:\/\/i0.wp.com\/www.astrofotografie-wiget.ch\/wp-content\/uploads\/2021\/11\/2020.02.25-IC-434.jpg?resize=300%2C227&amp;ssl=1 300w, https:\/\/i0.wp.com\/www.astrofotografie-wiget.ch\/wp-content\/uploads\/2021\/11\/2020.02.25-IC-434.jpg?resize=768%2C580&amp;ssl=1 768w\" width=\"181\" height=\"137\" loading=\"lazy\" data-original-width=\"181\" data-original-height=\"137\" itemprop=\"http:\/\/schema.org\/image\" title=\"2020.02.25 IC 434\" alt=\"25. Februar 2020: IC 434\" style=\"width: 181px; height: 137px;\" \/> <\/a> <div class=\"tiled-gallery-caption\" itemprop=\"caption description\"> 25. Februar 2020: IC 434 <\/div> <\/div> <\/div> <!-- close group --> <div class=\"gallery-group images-1\" style=\"width: 195px; height: 141px;\" data-original-width=\"195\" data-original-height=\"141\" > <div class=\"tiled-gallery-item tiled-gallery-item-small\" itemprop=\"associatedMedia\" itemscope itemtype=\"http:\/\/schema.org\/ImageObject\"> <a href=\"https:\/\/www.astrofotografie-wiget.ch\/index.php\/fotogallerie\/ic-katalog\/ic-434-pferdekopfnebel\/2020-02-20-ic-434\/\" border=\"0\" itemprop=\"url\"> <meta itemprop=\"width\" content=\"191\"> <meta itemprop=\"height\" content=\"137\"> <img decoding=\"async\" class=\"\" data-attachment-id=\"400\" data-orig-file=\"https:\/\/www.astrofotografie-wiget.ch\/wp-content\/uploads\/2021\/11\/2020.02.20-IC-434.jpg\" data-orig-size=\"2048,1466\" data-comments-opened=\"1\" data-image-meta=\"{&quot;aperture&quot;:&quot;0&quot;,&quot;credit&quot;:&quot;&quot;,&quot;camera&quot;:&quot;&quot;,&quot;caption&quot;:&quot;&quot;,&quot;created_timestamp&quot;:&quot;0&quot;,&quot;copyright&quot;:&quot;&quot;,&quot;focal_length&quot;:&quot;0&quot;,&quot;iso&quot;:&quot;0&quot;,&quot;shutter_speed&quot;:&quot;0&quot;,&quot;title&quot;:&quot;&quot;,&quot;orientation&quot;:&quot;0&quot;}\" data-image-title=\"2020.02.20 IC 434\" data-image-description=\"\" data-medium-file=\"https:\/\/i0.wp.com\/www.astrofotografie-wiget.ch\/wp-content\/uploads\/2021\/11\/2020.02.20-IC-434.jpg?fit=300%2C215&#038;ssl=1\" data-large-file=\"https:\/\/i0.wp.com\/www.astrofotografie-wiget.ch\/wp-content\/uploads\/2021\/11\/2020.02.20-IC-434.jpg?fit=750%2C537&#038;ssl=1\" src=\"https:\/\/i0.wp.com\/www.astrofotografie-wiget.ch\/wp-content\/uploads\/2021\/11\/2020.02.20-IC-434.jpg?w=191&#038;h=137&#038;ssl=1\" srcset=\"https:\/\/i0.wp.com\/www.astrofotografie-wiget.ch\/wp-content\/uploads\/2021\/11\/2020.02.20-IC-434.jpg?w=2048&amp;ssl=1 2048w, https:\/\/i0.wp.com\/www.astrofotografie-wiget.ch\/wp-content\/uploads\/2021\/11\/2020.02.20-IC-434.jpg?resize=300%2C215&amp;ssl=1 300w, https:\/\/i0.wp.com\/www.astrofotografie-wiget.ch\/wp-content\/uploads\/2021\/11\/2020.02.20-IC-434.jpg?resize=1024%2C733&amp;ssl=1 1024w, https:\/\/i0.wp.com\/www.astrofotografie-wiget.ch\/wp-content\/uploads\/2021\/11\/2020.02.20-IC-434.jpg?resize=768%2C550&amp;ssl=1 768w, https:\/\/i0.wp.com\/www.astrofotografie-wiget.ch\/wp-content\/uploads\/2021\/11\/2020.02.20-IC-434.jpg?resize=1536%2C1100&amp;ssl=1 1536w, https:\/\/i0.wp.com\/www.astrofotografie-wiget.ch\/wp-content\/uploads\/2021\/11\/2020.02.20-IC-434.jpg?resize=1568%2C1122&amp;ssl=1 1568w\" width=\"191\" height=\"137\" loading=\"lazy\" data-original-width=\"191\" data-original-height=\"137\" itemprop=\"http:\/\/schema.org\/image\" title=\"2020.02.20 IC 434\" alt=\"20. Februar 2020: IC 434, 145 Bilder \u00e0 30s.\" style=\"width: 191px; height: 137px;\" \/> <\/a> <div class=\"tiled-gallery-caption\" itemprop=\"caption description\"> 20. Februar 2020: IC 434, 145 Bilder \u00e0 30s. <\/div> <\/div> <\/div> <!-- close group --> <div class=\"gallery-group images-1\" style=\"width: 185px; height: 141px;\" data-original-width=\"185\" data-original-height=\"141\" > <div class=\"tiled-gallery-item tiled-gallery-item-small\" itemprop=\"associatedMedia\" itemscope itemtype=\"http:\/\/schema.org\/ImageObject\"> <a href=\"https:\/\/www.astrofotografie-wiget.ch\/index.php\/fotogallerie\/ic-katalog\/ic-434-pferdekopfnebel\/2019-03-30-ic-434\/\" border=\"0\" itemprop=\"url\"> <meta itemprop=\"width\" content=\"181\"> <meta itemprop=\"height\" content=\"137\"> <img decoding=\"async\" class=\"\" data-attachment-id=\"347\" data-orig-file=\"https:\/\/www.astrofotografie-wiget.ch\/wp-content\/uploads\/2021\/11\/2019.03.30-IC-434.jpg\" data-orig-size=\"2048,1546\" data-comments-opened=\"1\" data-image-meta=\"{&quot;aperture&quot;:&quot;0&quot;,&quot;credit&quot;:&quot;&quot;,&quot;camera&quot;:&quot;&quot;,&quot;caption&quot;:&quot;&quot;,&quot;created_timestamp&quot;:&quot;0&quot;,&quot;copyright&quot;:&quot;&quot;,&quot;focal_length&quot;:&quot;0&quot;,&quot;iso&quot;:&quot;0&quot;,&quot;shutter_speed&quot;:&quot;0&quot;,&quot;title&quot;:&quot;&quot;,&quot;orientation&quot;:&quot;0&quot;}\" data-image-title=\"2019.03.30 IC 434\" data-image-description=\"\" data-medium-file=\"https:\/\/i0.wp.com\/www.astrofotografie-wiget.ch\/wp-content\/uploads\/2021\/11\/2019.03.30-IC-434.jpg?fit=300%2C226&#038;ssl=1\" data-large-file=\"https:\/\/i0.wp.com\/www.astrofotografie-wiget.ch\/wp-content\/uploads\/2021\/11\/2019.03.30-IC-434.jpg?fit=750%2C566&#038;ssl=1\" src=\"https:\/\/i0.wp.com\/www.astrofotografie-wiget.ch\/wp-content\/uploads\/2021\/11\/2019.03.30-IC-434.jpg?w=181&#038;h=137&#038;ssl=1\" srcset=\"https:\/\/i0.wp.com\/www.astrofotografie-wiget.ch\/wp-content\/uploads\/2021\/11\/2019.03.30-IC-434.jpg?w=2048&amp;ssl=1 2048w, https:\/\/i0.wp.com\/www.astrofotografie-wiget.ch\/wp-content\/uploads\/2021\/11\/2019.03.30-IC-434.jpg?resize=300%2C226&amp;ssl=1 300w, https:\/\/i0.wp.com\/www.astrofotografie-wiget.ch\/wp-content\/uploads\/2021\/11\/2019.03.30-IC-434.jpg?resize=1024%2C773&amp;ssl=1 1024w, https:\/\/i0.wp.com\/www.astrofotografie-wiget.ch\/wp-content\/uploads\/2021\/11\/2019.03.30-IC-434.jpg?resize=768%2C580&amp;ssl=1 768w, https:\/\/i0.wp.com\/www.astrofotografie-wiget.ch\/wp-content\/uploads\/2021\/11\/2019.03.30-IC-434.jpg?resize=1536%2C1160&amp;ssl=1 1536w, https:\/\/i0.wp.com\/www.astrofotografie-wiget.ch\/wp-content\/uploads\/2021\/11\/2019.03.30-IC-434.jpg?resize=1568%2C1184&amp;ssl=1 1568w\" width=\"181\" height=\"137\" loading=\"lazy\" data-original-width=\"181\" data-original-height=\"137\" itemprop=\"http:\/\/schema.org\/image\" title=\"2019.03.30 IC 434\" alt=\"30. M\u00e4rz 2019: IC 434\" style=\"width: 181px; height: 137px;\" \/> <\/a> <div class=\"tiled-gallery-caption\" itemprop=\"caption description\"> 30. M\u00e4rz 2019: IC 434 <\/div> <\/div> <\/div> <!-- close group --> <\/div> <!-- close row --> <\/div>\n<p>Das Fotografieren des Pferdekopfnebels ist nicht ganz so einfach. Neben der \u00fcblichen Problematik mit der schwachen Helligkeit des Objekts kommt hier noch zus\u00e4tzlich der Stern Alnitak ins Spiel. Dies ist einer der G\u00fcrtelsterne des Sternbilds Orion uns im Vergleich zum Pferdekopfnebel sehr hell. Das f\u00fchrt zu diversen Problemen, unter anderem auch Reflexionen. Dies ist im ersten Bild welches ich am 30. M\u00e4rz 2019 vom Pferdekopfnebel unten links gut sichtbar.<\/p>\n<h3><\/h3>\n<p><a href=\"https:\/\/www.astrofotografie-wiget.ch\/\">Home<\/a>\u00a0 \u00a0<a href=\"https:\/\/www.astrofotografie-wiget.ch\/index.php\/fotogallerie\/\">Fotogallerie<\/a>\u00a0 \u00a0<a href=\"https:\/\/www.astrofotografie-wiget.ch\/index.php\/fotogallerie\/ic-katalog\/\">IC-Katalog<\/a><\/p>\n","protected":false},"excerpt":{"rendered":"<p>Der IC 434 ist ein Emissionsnebel im Sternbild Orion. Zwischen diesem Emissionsnebel und der Erde befindet sich eine Dunkelwolke, welche die Form eines Pferdekopfnebels hat. Diesen nennt man daher Pferdekopfnebel. Es ist wohl eines der bekanntesten Deep-Sky Objekte die es gibt. Entdeckt wurde er von Williamina Fleming auf einem Foto im Jahr 1887. Weil seiner&hellip; <a class=\"more-link\" href=\"https:\/\/www.astrofotografie-wiget.ch\/index.php\/fotogallerie\/ic-katalog\/ic-434-pferdekopfnebel\/\"><span class=\"screen-reader-text\">IC 434 &#8211; Pferdekopfnebel<\/span> weiterlesen<\/a><\/p>\n","protected":false},"author":1,"featured_media":0,"parent":349,"menu_order":0,"comment_status":"closed","ping_status":"closed","template":"","meta":{"ngg_post_thumbnail":0,"footnotes":""},"class_list":["post-346","page","type-page","status-publish","hentry","entry"],"yoast_head":"<!-- This site is optimized with the Yoast SEO plugin v24.7 - https:\/\/yoast.com\/wordpress\/plugins\/seo\/ -->\r\n<title>IC 434 - Pferdekopfnebel - Astronomie &amp; Astrofotografie<\/title>\r\n<meta name=\"robots\" content=\"index, follow, max-snippet:-1, max-image-preview:large, max-video-preview:-1\" \/>\r\n<link rel=\"canonical\" href=\"https:\/\/www.astrofotografie-wiget.ch\/index.php\/fotogallerie\/ic-katalog\/ic-434-pferdekopfnebel\/\" \/>\r\n<meta property=\"og:locale\" content=\"de_DE\" \/>\r\n<meta property=\"og:type\" content=\"article\" \/>\r\n<meta property=\"og:title\" content=\"IC 434 - Pferdekopfnebel - Astronomie &amp; Astrofotografie\" \/>\r\n<meta property=\"og:description\" content=\"Der IC 434 ist ein Emissionsnebel im Sternbild Orion. Zwischen diesem Emissionsnebel und der Erde befindet sich eine Dunkelwolke, welche die Form eines Pferdekopfnebels hat. Diesen nennt man daher Pferdekopfnebel. Es ist wohl eines der bekanntesten Deep-Sky Objekte die es gibt. Entdeckt wurde er von Williamina Fleming auf einem Foto im Jahr 1887. Weil seiner&hellip; IC 434 &#8211; Pferdekopfnebel weiterlesen\" \/>\r\n<meta property=\"og:url\" content=\"https:\/\/www.astrofotografie-wiget.ch\/index.php\/fotogallerie\/ic-katalog\/ic-434-pferdekopfnebel\/\" \/>\r\n<meta property=\"og:site_name\" content=\"Astronomie &amp; Astrofotografie\" \/>\r\n<meta property=\"article:publisher\" content=\"https:\/\/www.facebook.com\/andrewiget\" \/>\r\n<meta property=\"article:modified_time\" content=\"2022-11-24T16:10:01+00:00\" \/>\r\n<meta property=\"og:image\" content=\"https:\/\/i0.wp.com\/www.astrofotografie-wiget.ch\/wp-content\/uploads\/2022\/01\/2022.01.12-IC-434-45-x-300s-small.png?resize=150%2C150&ssl=1\" \/>\r\n<meta name=\"twitter:card\" content=\"summary_large_image\" \/>\r\n<meta name=\"twitter:label1\" content=\"Gesch\u00e4tzte Lesezeit\" \/>\n\t<meta name=\"twitter:data1\" content=\"1\u00a0Minute\" \/>\r\n<script type=\"application\/ld+json\" class=\"yoast-schema-graph\">{\"@context\":\"https:\/\/schema.org\",\"@graph\":[{\"@type\":\"WebPage\",\"@id\":\"https:\/\/www.astrofotografie-wiget.ch\/index.php\/fotogallerie\/ic-katalog\/ic-434-pferdekopfnebel\/\",\"url\":\"https:\/\/www.astrofotografie-wiget.ch\/index.php\/fotogallerie\/ic-katalog\/ic-434-pferdekopfnebel\/\",\"name\":\"IC 434 - Pferdekopfnebel - Astronomie &amp; Astrofotografie\",\"isPartOf\":{\"@id\":\"\/#website\"},\"datePublished\":\"2021-11-19T06:05:49+00:00\",\"dateModified\":\"2022-11-24T16:10:01+00:00\",\"breadcrumb\":{\"@id\":\"https:\/\/www.astrofotografie-wiget.ch\/index.php\/fotogallerie\/ic-katalog\/ic-434-pferdekopfnebel\/#breadcrumb\"},\"inLanguage\":\"de\",\"potentialAction\":[{\"@type\":\"ReadAction\",\"target\":[\"https:\/\/www.astrofotografie-wiget.ch\/index.php\/fotogallerie\/ic-katalog\/ic-434-pferdekopfnebel\/\"]}]},{\"@type\":\"BreadcrumbList\",\"@id\":\"https:\/\/www.astrofotografie-wiget.ch\/index.php\/fotogallerie\/ic-katalog\/ic-434-pferdekopfnebel\/#breadcrumb\",\"itemListElement\":[{\"@type\":\"ListItem\",\"position\":1,\"name\":\"Fotogallerie\",\"item\":\"https:\/\/www.astrofotografie-wiget.ch\/index.php\/fotogallerie\/\"},{\"@type\":\"ListItem\",\"position\":2,\"name\":\"IC-Katalog\",\"item\":\"https:\/\/www.astrofotografie-wiget.ch\/index.php\/fotogallerie\/ic-katalog\/\"},{\"@type\":\"ListItem\",\"position\":3,\"name\":\"IC 434 &#8211; Pferdekopfnebel\"}]},{\"@type\":\"WebSite\",\"@id\":\"\/#website\",\"url\":\"\/\",\"name\":\"Astronomie & Astrofotografie\",\"description\":\"Sonne, Mond, Planeten, Deep Sky\",\"publisher\":{\"@id\":\"\/#\/schema\/person\/6a8fe3f5ae57c6370d432efba693924f\"},\"potentialAction\":[{\"@type\":\"SearchAction\",\"target\":{\"@type\":\"EntryPoint\",\"urlTemplate\":\"\/?s={search_term_string}\"},\"query-input\":{\"@type\":\"PropertyValueSpecification\",\"valueRequired\":true,\"valueName\":\"search_term_string\"}}],\"inLanguage\":\"de\"},{\"@type\":[\"Person\",\"Organization\"],\"@id\":\"\/#\/schema\/person\/6a8fe3f5ae57c6370d432efba693924f\",\"name\":\"Andr\u00e9\",\"image\":{\"@type\":\"ImageObject\",\"inLanguage\":\"de\",\"@id\":\"\/#\/schema\/person\/image\/\",\"url\":\"https:\/\/www.astrofotografie-wiget.ch\/wp-content\/uploads\/2022\/01\/2022.01.14-NGC-2244-WBPP-32x300s-small-1024x905.png\",\"contentUrl\":\"https:\/\/www.astrofotografie-wiget.ch\/wp-content\/uploads\/2022\/01\/2022.01.14-NGC-2244-WBPP-32x300s-small-1024x905.png\",\"width\":1024,\"height\":905,\"caption\":\"Andr\u00e9\"},\"logo\":{\"@id\":\"\/#\/schema\/person\/image\/\"},\"sameAs\":[\"https:\/\/www.astrofotografie-wiget.ch\",\"https:\/\/www.facebook.com\/andrewiget\",\"https:\/\/www.instagram.com\/andrewiget\"]}]}<\/script>\r\n<!-- \/ Yoast SEO plugin. -->","yoast_head_json":{"title":"IC 434 - Pferdekopfnebel - Astronomie &amp; Astrofotografie","robots":{"index":"index","follow":"follow","max-snippet":"max-snippet:-1","max-image-preview":"max-image-preview:large","max-video-preview":"max-video-preview:-1"},"canonical":"https:\/\/www.astrofotografie-wiget.ch\/index.php\/fotogallerie\/ic-katalog\/ic-434-pferdekopfnebel\/","og_locale":"de_DE","og_type":"article","og_title":"IC 434 - Pferdekopfnebel - Astronomie &amp; Astrofotografie","og_description":"Der IC 434 ist ein Emissionsnebel im Sternbild Orion. Zwischen diesem Emissionsnebel und der Erde befindet sich eine Dunkelwolke, welche die Form eines Pferdekopfnebels hat. Diesen nennt man daher Pferdekopfnebel. Es ist wohl eines der bekanntesten Deep-Sky Objekte die es gibt. Entdeckt wurde er von Williamina Fleming auf einem Foto im Jahr 1887. Weil seiner&hellip; IC 434 &#8211; Pferdekopfnebel weiterlesen","og_url":"https:\/\/www.astrofotografie-wiget.ch\/index.php\/fotogallerie\/ic-katalog\/ic-434-pferdekopfnebel\/","og_site_name":"Astronomie &amp; Astrofotografie","article_publisher":"https:\/\/www.facebook.com\/andrewiget","article_modified_time":"2022-11-24T16:10:01+00:00","og_image":[{"url":"https:\/\/i0.wp.com\/www.astrofotografie-wiget.ch\/wp-content\/uploads\/2022\/01\/2022.01.12-IC-434-45-x-300s-small.png?resize=150%2C150&ssl=1","type":"","width":"","height":""}],"twitter_card":"summary_large_image","twitter_misc":{"Gesch\u00e4tzte Lesezeit":"1\u00a0Minute"},"schema":{"@context":"https:\/\/schema.org","@graph":[{"@type":"WebPage","@id":"https:\/\/www.astrofotografie-wiget.ch\/index.php\/fotogallerie\/ic-katalog\/ic-434-pferdekopfnebel\/","url":"https:\/\/www.astrofotografie-wiget.ch\/index.php\/fotogallerie\/ic-katalog\/ic-434-pferdekopfnebel\/","name":"IC 434 - Pferdekopfnebel - Astronomie &amp; Astrofotografie","isPartOf":{"@id":"\/#website"},"datePublished":"2021-11-19T06:05:49+00:00","dateModified":"2022-11-24T16:10:01+00:00","breadcrumb":{"@id":"https:\/\/www.astrofotografie-wiget.ch\/index.php\/fotogallerie\/ic-katalog\/ic-434-pferdekopfnebel\/#breadcrumb"},"inLanguage":"de","potentialAction":[{"@type":"ReadAction","target":["https:\/\/www.astrofotografie-wiget.ch\/index.php\/fotogallerie\/ic-katalog\/ic-434-pferdekopfnebel\/"]}]},{"@type":"BreadcrumbList","@id":"https:\/\/www.astrofotografie-wiget.ch\/index.php\/fotogallerie\/ic-katalog\/ic-434-pferdekopfnebel\/#breadcrumb","itemListElement":[{"@type":"ListItem","position":1,"name":"Fotogallerie","item":"https:\/\/www.astrofotografie-wiget.ch\/index.php\/fotogallerie\/"},{"@type":"ListItem","position":2,"name":"IC-Katalog","item":"https:\/\/www.astrofotografie-wiget.ch\/index.php\/fotogallerie\/ic-katalog\/"},{"@type":"ListItem","position":3,"name":"IC 434 &#8211; Pferdekopfnebel"}]},{"@type":"WebSite","@id":"\/#website","url":"\/","name":"Astronomie & Astrofotografie","description":"Sonne, Mond, Planeten, Deep Sky","publisher":{"@id":"\/#\/schema\/person\/6a8fe3f5ae57c6370d432efba693924f"},"potentialAction":[{"@type":"SearchAction","target":{"@type":"EntryPoint","urlTemplate":"\/?s={search_term_string}"},"query-input":{"@type":"PropertyValueSpecification","valueRequired":true,"valueName":"search_term_string"}}],"inLanguage":"de"},{"@type":["Person","Organization"],"@id":"\/#\/schema\/person\/6a8fe3f5ae57c6370d432efba693924f","name":"Andr\u00e9","image":{"@type":"ImageObject","inLanguage":"de","@id":"\/#\/schema\/person\/image\/","url":"https:\/\/www.astrofotografie-wiget.ch\/wp-content\/uploads\/2022\/01\/2022.01.14-NGC-2244-WBPP-32x300s-small-1024x905.png","contentUrl":"https:\/\/www.astrofotografie-wiget.ch\/wp-content\/uploads\/2022\/01\/2022.01.14-NGC-2244-WBPP-32x300s-small-1024x905.png","width":1024,"height":905,"caption":"Andr\u00e9"},"logo":{"@id":"\/#\/schema\/person\/image\/"},"sameAs":["https:\/\/www.astrofotografie-wiget.ch","https:\/\/www.facebook.com\/andrewiget","https:\/\/www.instagram.com\/andrewiget"]}]}},"jetpack-related-posts":[],"jetpack_sharing_enabled":true,"_links":{"self":[{"href":"https:\/\/www.astrofotografie-wiget.ch\/index.php\/wp-json\/wp\/v2\/pages\/346","targetHints":{"allow":["GET"]}}],"collection":[{"href":"https:\/\/www.astrofotografie-wiget.ch\/index.php\/wp-json\/wp\/v2\/pages"}],"about":[{"href":"https:\/\/www.astrofotografie-wiget.ch\/index.php\/wp-json\/wp\/v2\/types\/page"}],"author":[{"embeddable":true,"href":"https:\/\/www.astrofotografie-wiget.ch\/index.php\/wp-json\/wp\/v2\/users\/1"}],"replies":[{"embeddable":true,"href":"https:\/\/www.astrofotografie-wiget.ch\/index.php\/wp-json\/wp\/v2\/comments?post=346"}],"version-history":[{"count":15,"href":"https:\/\/www.astrofotografie-wiget.ch\/index.php\/wp-json\/wp\/v2\/pages\/346\/revisions"}],"predecessor-version":[{"id":741,"href":"https:\/\/www.astrofotografie-wiget.ch\/index.php\/wp-json\/wp\/v2\/pages\/346\/revisions\/741"}],"up":[{"embeddable":true,"href":"https:\/\/www.astrofotografie-wiget.ch\/index.php\/wp-json\/wp\/v2\/pages\/349"}],"wp:attachment":[{"href":"https:\/\/www.astrofotografie-wiget.ch\/index.php\/wp-json\/wp\/v2\/media?parent=346"}],"curies":[{"name":"wp","href":"https:\/\/api.w.org\/{rel}","templated":true}]}}